{"id":1272,"date":"2021-02-04T11:10:00","date_gmt":"2021-02-04T08:10:00","guid":{"rendered":"https:\/\/www.techtex.ro\/?page_id=1272"},"modified":"2021-02-04T11:11:45","modified_gmt":"2021-02-04T08:11:45","slug":"techtex-launches-an-ambitious-plan-to-protect-the-environment","status":"publish","type":"page","link":"https:\/\/www.techtex.ro\/en\/techtex-launches-an-ambitious-plan-to-protect-the-environment\/","title":{"rendered":"TECHTEX launches an ambitious plan to protect the environment"},"content":{"rendered":"\n<div class=\"wp-block-columns is-layout-flex wp-container-core-columns-is-layout-1 wp-block-columns-is-layout-flex\">\n<div class=\"wp-block-column is-layout-flow wp-block-column-is-layout-flow\">\n<p><strong><strong>The company wants to use a new business model in the textile industry by promoting the circular economy principles: the sustainable materials management, and the prudent, efficient, and rational usage of natural resources.<\/strong><\/strong><\/p>\n\n\n\n<p> <\/p>\n\n\n\n<p>Techtex has already made its first investment towards that end by purchasing and commissioning a line for recycling post-industrial polypropylene and polyethylene waste. The line has a capacity of over 100 tons per month. Up to 100% of the resulting material can be used for the extrusion of new polypropylene products. This line will recycle both the waste generated by the group\u2019s activity, as well as the post-consumer waste, from Techtex clients. The company is listed in the Registry of licensed economic operators that recover waste, which is maintained by the Ministry of Economy, Entrepreneurship and Tourism.<\/p>\n\n\n\n<figure class=\"wp-block-embed is-type-video is-provider-youtube wp-block-embed-youtube wp-embed-aspect-16-9 wp-has-aspect-ratio\"><div class=\"wp-block-embed__wrapper\">\n<iframe title=\"Techtex 2021\" width=\"500\" height=\"281\" src=\"https:\/\/www.youtube.com\/embed\/czMeOWwqo-I?feature=oembed\" frameborder=\"0\" allow=\"accelerometer; autoplay; clipboard-write; encrypted-media; gyroscope; picture-in-picture; web-share\" referrerpolicy=\"strict-origin-when-cross-origin\" allowfullscreen><\/iframe>\n<\/div><\/figure>\n<\/div>\n\n\n\n<div class=\"wp-block-column is-layout-flow wp-block-column-is-layout-flow\">\n<figure class=\"wp-block-image size-large is-style-default\"><img decoding=\"async\" width=\"1000\" height=\"1000\" src=\"https:\/\/www.techtex.ro\/wp-content\/uploads\/Ioan-Filip-1.jpg\" alt=\"\" class=\"wp-image-1244\" srcset=\"https:\/\/www.techtex.ro\/wp-content\/uploads\/Ioan-Filip-1.jpg 1000w, https:\/\/www.techtex.ro\/wp-content\/uploads\/Ioan-Filip-1-300x300.jpg 300w, https:\/\/www.techtex.ro\/wp-content\/uploads\/Ioan-Filip-1-150x150.jpg 150w, https:\/\/www.techtex.ro\/wp-content\/uploads\/Ioan-Filip-1-768x768.jpg 768w\" sizes=\"(max-width: 1000px) 100vw, 1000px\" \/><\/figure>\n\n\n\n<p><em>\u201c<em>This is only the first step of our plan for protecting the environment. In the second phase, we intend to find a way to collect from the market all the (non-medical) protective equipment that TECHTEX sold. We want to convince our products\u2019 beneficiaries to collect this type of waste and to return it for recycling purposes. We will discuss this matter with the national authorities and all the relevant environmental organizations, since textile waste recycling is an important project for Romania, and this effort should be supported and encouraged. \u201d<\/em> (<strong>Ioan Filip, President of TAPARO Group<\/strong>)<\/em><\/p>\n<\/div>\n<\/div>\n\n\n\n<p><strong><strong>Techtex has the largest manufacturing capacity for masks and protective equipment in South-Eastern Europe<\/strong><\/strong><\/p>\n\n\n\n<p>The company manufactures all the necessary components for the production of masks and protective equipment and is able to provide high quality fabrics and medical devices at fair prices. The company can successfully meet Romania\u2019s needs on demand.<\/p>\n\n\n\n<p><em>\u201c<em>Currently, as a result of the partnerships we set up, we are exporting \u00a075% of what we produce to Germany, France, Israel, Austria, and the United Kingdom. We\u2019ve opened offices in Bucharest and Budapest, and we\u2019ve made progress towards partnerships in the United States of America, where Techtex products are approved by the FDA<strong>. <\/strong>We invested in the most efficient technological lines in the world in the industry, and our manufacturing capacity is continuously growing. Presently, we can make 45 million surgical masks and 10 million FFP2 masks per month. By the end of March 2021, we will increase our FFP2 mask manufacturing capacity with another 15 million pieces per month.\u201d <\/em>(<strong>Ioan Filip, President of TAPARO Group<\/strong>)<\/em><\/p>\n","protected":false},"excerpt":{"rendered":"<p>The company wants to use a new business model in the textile industry by promoting the circular economy principles: the sustainable materials management, and the prudent, efficient, and rational usage of natural resources. Techtex has already made its first investment towards that end by purchasing and commissioning a line for recycling post-industrial polypropylene and polyethylene [&hellip;]<\/p>\n","protected":false},"author":1,"featured_media":1251,"parent":0,"menu_order":0,"comment_status":"closed","ping_status":"closed","template":"page-csr.php","meta":{"footnotes":""},"yoast_head":"<!-- This site is optimized with the Yoast SEO plugin v24.5 - https:\/\/yoast.com\/wordpress\/plugins\/seo\/ -->\n<title>TECHTEX launches an ambitious plan to protect the environment - TechTex<\/title>\n<meta name=\"robots\" content=\"index, follow, max-snippet:-1, max-image-preview:large, max-video-preview:-1\" \/>\n<link rel=\"canonical\" href=\"https:\/\/www.techtex.ro\/en\/techtex-launches-an-ambitious-plan-to-protect-the-environment\/\" \/>\n<meta property=\"og:locale\" content=\"en_US\" \/>\n<meta property=\"og:type\" content=\"article\" \/>\n<meta property=\"og:title\" content=\"TECHTEX launches an ambitious plan to protect the environment - TechTex\" \/>\n<meta property=\"og:description\" content=\"The company wants to use a new business model in the textile industry by promoting the circular economy principles: the sustainable materials management, and the prudent, efficient, and rational usage of natural resources. Techtex has already made its first investment towards that end by purchasing and commissioning a line for recycling post-industrial polypropylene and polyethylene [&hellip;]\" \/>\n<meta property=\"og:url\" content=\"https:\/\/www.techtex.ro\/en\/techtex-launches-an-ambitious-plan-to-protect-the-environment\/\" \/>\n<meta property=\"og:site_name\" content=\"TechTex\" \/>\n<meta property=\"article:publisher\" content=\"https:\/\/www.facebook.com\/pg\/TECHTEXRomania\" \/>\n<meta property=\"article:modified_time\" content=\"2021-02-04T08:11:45+00:00\" \/>\n<meta property=\"og:image\" content=\"https:\/\/www.techtex.ro\/wp-content\/uploads\/csr-header-1.jpg\" \/>\n\t<meta property=\"og:image:width\" content=\"1920\" \/>\n\t<meta property=\"og:image:height\" content=\"400\" \/>\n\t<meta property=\"og:image:type\" content=\"image\/jpeg\" \/>\n<meta name=\"twitter:card\" content=\"summary_large_image\" \/>\n<meta name=\"twitter:site\" content=\"@Techtex4\" \/>\n<meta name=\"twitter:label1\" content=\"Est. reading time\" \/>\n\t<meta name=\"twitter:data1\" content=\"2 minutes\" \/>\n<script type=\"application\/ld+json\" class=\"yoast-schema-graph\">{\"@context\":\"https:\/\/schema.org\",\"@graph\":[{\"@type\":\"WebPage\",\"@id\":\"https:\/\/www.techtex.ro\/en\/techtex-launches-an-ambitious-plan-to-protect-the-environment\/\",\"url\":\"https:\/\/www.techtex.ro\/en\/techtex-launches-an-ambitious-plan-to-protect-the-environment\/\",\"name\":\"TECHTEX launches an ambitious plan to protect the environment - TechTex\",\"isPartOf\":{\"@id\":\"https:\/\/www.techtex.ro\/#website\"},\"primaryImageOfPage\":{\"@id\":\"https:\/\/www.techtex.ro\/en\/techtex-launches-an-ambitious-plan-to-protect-the-environment\/#primaryimage\"},\"image\":{\"@id\":\"https:\/\/www.techtex.ro\/en\/techtex-launches-an-ambitious-plan-to-protect-the-environment\/#primaryimage\"},\"thumbnailUrl\":\"https:\/\/www.techtex.ro\/wp-content\/uploads\/csr-header-1.jpg\",\"datePublished\":\"2021-02-04T08:10:00+00:00\",\"dateModified\":\"2021-02-04T08:11:45+00:00\",\"breadcrumb\":{\"@id\":\"https:\/\/www.techtex.ro\/en\/techtex-launches-an-ambitious-plan-to-protect-the-environment\/#breadcrumb\"},\"inLanguage\":\"en-US\",\"potentialAction\":[{\"@type\":\"ReadAction\",\"target\":[\"https:\/\/www.techtex.ro\/en\/techtex-launches-an-ambitious-plan-to-protect-the-environment\/\"]}]},{\"@type\":\"ImageObject\",\"inLanguage\":\"en-US\",\"@id\":\"https:\/\/www.techtex.ro\/en\/techtex-launches-an-ambitious-plan-to-protect-the-environment\/#primaryimage\",\"url\":\"https:\/\/www.techtex.ro\/wp-content\/uploads\/csr-header-1.jpg\",\"contentUrl\":\"https:\/\/www.techtex.ro\/wp-content\/uploads\/csr-header-1.jpg\",\"width\":1920,\"height\":400},{\"@type\":\"BreadcrumbList\",\"@id\":\"https:\/\/www.techtex.ro\/en\/techtex-launches-an-ambitious-plan-to-protect-the-environment\/#breadcrumb\",\"itemListElement\":[{\"@type\":\"ListItem\",\"position\":1,\"name\":\"Acasa\",\"item\":\"https:\/\/www.techtex.ro\/en\/\"},{\"@type\":\"ListItem\",\"position\":2,\"name\":\"TECHTEX launches an ambitious plan to protect the environment\"}]},{\"@type\":\"WebSite\",\"@id\":\"https:\/\/www.techtex.ro\/#website\",\"url\":\"https:\/\/www.techtex.ro\/\",\"name\":\"TechTex\",\"description\":\"Techtex este prima fabric\u0103 rom\u00e2neasc\u0103 de textile medicale \u0219i de igien\u0103.\",\"publisher\":{\"@id\":\"https:\/\/www.techtex.ro\/#organization\"},\"potentialAction\":[{\"@type\":\"SearchAction\",\"target\":{\"@type\":\"EntryPoint\",\"urlTemplate\":\"https:\/\/www.techtex.ro\/?s={search_term_string}\"},\"query-input\":{\"@type\":\"PropertyValueSpecification\",\"valueRequired\":true,\"valueName\":\"search_term_string\"}}],\"inLanguage\":\"en-US\"},{\"@type\":\"Organization\",\"@id\":\"https:\/\/www.techtex.ro\/#organization\",\"name\":\"TechTex\",\"url\":\"https:\/\/www.techtex.ro\/\",\"logo\":{\"@type\":\"ImageObject\",\"inLanguage\":\"en-US\",\"@id\":\"https:\/\/www.techtex.ro\/#\/schema\/logo\/image\/\",\"url\":\"https:\/\/www.techtex.ro\/wp-content\/uploads\/techtex-cover.jpg\",\"contentUrl\":\"https:\/\/www.techtex.ro\/wp-content\/uploads\/techtex-cover.jpg\",\"width\":1640,\"height\":720,\"caption\":\"TechTex\"},\"image\":{\"@id\":\"https:\/\/www.techtex.ro\/#\/schema\/logo\/image\/\"},\"sameAs\":[\"https:\/\/www.facebook.com\/pg\/TECHTEXRomania\",\"https:\/\/x.com\/Techtex4\",\"https:\/\/www.instagram.com\/techtexromania\/\",\"https:\/\/www.linkedin.com\/company\/techtex-romania\/\",\"https:\/\/www.youtube.com\/channel\/UCUp0uF2lDyuNy-IwG-x_FPQ\"]}]}<\/script>\n<!-- \/ Yoast SEO plugin. -->","yoast_head_json":{"title":"TECHTEX launches an ambitious plan to protect the environment - TechTex","robots":{"index":"index","follow":"follow","max-snippet":"max-snippet:-1","max-image-preview":"max-image-preview:large","max-video-preview":"max-video-preview:-1"},"canonical":"https:\/\/www.techtex.ro\/en\/techtex-launches-an-ambitious-plan-to-protect-the-environment\/","og_locale":"en_US","og_type":"article","og_title":"TECHTEX launches an ambitious plan to protect the environment - TechTex","og_description":"The company wants to use a new business model in the textile industry by promoting the circular economy principles: the sustainable materials management, and the prudent, efficient, and rational usage of natural resources. Techtex has already made its first investment towards that end by purchasing and commissioning a line for recycling post-industrial polypropylene and polyethylene [&hellip;]","og_url":"https:\/\/www.techtex.ro\/en\/techtex-launches-an-ambitious-plan-to-protect-the-environment\/","og_site_name":"TechTex","article_publisher":"https:\/\/www.facebook.com\/pg\/TECHTEXRomania","article_modified_time":"2021-02-04T08:11:45+00:00","og_image":[{"width":1920,"height":400,"url":"https:\/\/www.techtex.ro\/wp-content\/uploads\/csr-header-1.jpg","type":"image\/jpeg"}],"twitter_card":"summary_large_image","twitter_site":"@Techtex4","twitter_misc":{"Est. reading time":"2 minutes"},"schema":{"@context":"https:\/\/schema.org","@graph":[{"@type":"WebPage","@id":"https:\/\/www.techtex.ro\/en\/techtex-launches-an-ambitious-plan-to-protect-the-environment\/","url":"https:\/\/www.techtex.ro\/en\/techtex-launches-an-ambitious-plan-to-protect-the-environment\/","name":"TECHTEX launches an ambitious plan to protect the environment - TechTex","isPartOf":{"@id":"https:\/\/www.techtex.ro\/#website"},"primaryImageOfPage":{"@id":"https:\/\/www.techtex.ro\/en\/techtex-launches-an-ambitious-plan-to-protect-the-environment\/#primaryimage"},"image":{"@id":"https:\/\/www.techtex.ro\/en\/techtex-launches-an-ambitious-plan-to-protect-the-environment\/#primaryimage"},"thumbnailUrl":"https:\/\/www.techtex.ro\/wp-content\/uploads\/csr-header-1.jpg","datePublished":"2021-02-04T08:10:00+00:00","dateModified":"2021-02-04T08:11:45+00:00","breadcrumb":{"@id":"https:\/\/www.techtex.ro\/en\/techtex-launches-an-ambitious-plan-to-protect-the-environment\/#breadcrumb"},"inLanguage":"en-US","potentialAction":[{"@type":"ReadAction","target":["https:\/\/www.techtex.ro\/en\/techtex-launches-an-ambitious-plan-to-protect-the-environment\/"]}]},{"@type":"ImageObject","inLanguage":"en-US","@id":"https:\/\/www.techtex.ro\/en\/techtex-launches-an-ambitious-plan-to-protect-the-environment\/#primaryimage","url":"https:\/\/www.techtex.ro\/wp-content\/uploads\/csr-header-1.jpg","contentUrl":"https:\/\/www.techtex.ro\/wp-content\/uploads\/csr-header-1.jpg","width":1920,"height":400},{"@type":"BreadcrumbList","@id":"https:\/\/www.techtex.ro\/en\/techtex-launches-an-ambitious-plan-to-protect-the-environment\/#breadcrumb","itemListElement":[{"@type":"ListItem","position":1,"name":"Acasa","item":"https:\/\/www.techtex.ro\/en\/"},{"@type":"ListItem","position":2,"name":"TECHTEX launches an ambitious plan to protect the environment"}]},{"@type":"WebSite","@id":"https:\/\/www.techtex.ro\/#website","url":"https:\/\/www.techtex.ro\/","name":"TechTex","description":"Techtex este prima fabric\u0103 rom\u00e2neasc\u0103 de textile medicale \u0219i de igien\u0103.","publisher":{"@id":"https:\/\/www.techtex.ro\/#organization"},"potentialAction":[{"@type":"SearchAction","target":{"@type":"EntryPoint","urlTemplate":"https:\/\/www.techtex.ro\/?s={search_term_string}"},"query-input":{"@type":"PropertyValueSpecification","valueRequired":true,"valueName":"search_term_string"}}],"inLanguage":"en-US"},{"@type":"Organization","@id":"https:\/\/www.techtex.ro\/#organization","name":"TechTex","url":"https:\/\/www.techtex.ro\/","logo":{"@type":"ImageObject","inLanguage":"en-US","@id":"https:\/\/www.techtex.ro\/#\/schema\/logo\/image\/","url":"https:\/\/www.techtex.ro\/wp-content\/uploads\/techtex-cover.jpg","contentUrl":"https:\/\/www.techtex.ro\/wp-content\/uploads\/techtex-cover.jpg","width":1640,"height":720,"caption":"TechTex"},"image":{"@id":"https:\/\/www.techtex.ro\/#\/schema\/logo\/image\/"},"sameAs":["https:\/\/www.facebook.com\/pg\/TECHTEXRomania","https:\/\/x.com\/Techtex4","https:\/\/www.instagram.com\/techtexromania\/","https:\/\/www.linkedin.com\/company\/techtex-romania\/","https:\/\/www.youtube.com\/channel\/UCUp0uF2lDyuNy-IwG-x_FPQ"]}]}},"_links":{"self":[{"href":"https:\/\/www.techtex.ro\/en\/wp-json\/wp\/v2\/pages\/1272"}],"collection":[{"href":"https:\/\/www.techtex.ro\/en\/wp-json\/wp\/v2\/pages"}],"about":[{"href":"https:\/\/www.techtex.ro\/en\/wp-json\/wp\/v2\/types\/page"}],"author":[{"embeddable":true,"href":"https:\/\/www.techtex.ro\/en\/wp-json\/wp\/v2\/users\/1"}],"replies":[{"embeddable":true,"href":"https:\/\/www.techtex.ro\/en\/wp-json\/wp\/v2\/comments?post=1272"}],"version-history":[{"count":3,"href":"https:\/\/www.techtex.ro\/en\/wp-json\/wp\/v2\/pages\/1272\/revisions"}],"predecessor-version":[{"id":1275,"href":"https:\/\/www.techtex.ro\/en\/wp-json\/wp\/v2\/pages\/1272\/revisions\/1275"}],"wp:featuredmedia":[{"embeddable":true,"href":"https:\/\/www.techtex.ro\/en\/wp-json\/wp\/v2\/media\/1251"}],"wp:attachment":[{"href":"https:\/\/www.techtex.ro\/en\/wp-json\/wp\/v2\/media?parent=1272"}],"curies":[{"name":"wp","href":"https:\/\/api.w.org\/{rel}","templated":true}]}}